{"id":16167,"date":"2014-10-30T01:40:38","date_gmt":"2014-10-30T01:40:38","guid":{"rendered":"http:\/\/criscarvalho-qa.bymobinteg.com\/?page_id=16167"},"modified":"2016-09-05T10:51:42","modified_gmt":"2016-09-05T09:51:42","slug":"testimonials","status":"publish","type":"page","link":"https:\/\/criscarvalho-qa.bymobinteg.com\/es\/testimonials\/","title":{"rendered":"Testimonials"},"content":{"rendered":"<ul class=\"tslider testimonials-slider-full\"><li><div class=\"cbp-qtcontent\"><blockquote><p><p class=\"p1\"><span class=\"s1\"><b>Es incre\u00edble el poder<\/b> de utilizaci\u00f3n de las herramientas aprendidas en la Certificaci\u00f3n en Coaching. Como Director cre\u00eda que ser capaz de influenciar y motivar personas era suficiente. En este momento creo que mi funci\u00f3n y mi <b>capacidad de ayudar<\/b> a todos aquellos que me rodean es <b>totalmente diferente<\/b>, y que mi <b>foco<\/b> en el d\u00eda a d\u00eda pasa cada vez m\u00e1s por intentar hazer que las personas <b>encuentren y consigan objectivar<\/b> su camino para la <b>felicidad<\/b>. Los <b>resultados son fant\u00e1sticos<\/b>. Como persona, s\u00e9 que hoy soy un <b>mejor <\/b>amigo, <b>mejor<\/b> hijo, <b>mejor<\/b> marido <b>y<\/b> <b>mejor<\/b> Padre. Descubr\u00ed exactamente d\u00f3nde quiero llegar, pues como dice Cris \u201ccuando no se sabe para d\u00f3nde se quiere ir cualquier lugar sirve.<\/span><\/p>\n<\/p><footer>Rafael Nascimento, Manager<\/footer><\/blockquote><\/div><\/li><li><div class=\"cbp-qtcontent\"><blockquote><p><p class=\"p1\"><span class=\"s1\">Describir una semana de formaci\u00f3n de Coaching en Curia daba para un libro. Descubr\u00ed <b>sue\u00f1os que siempre quise realizar<\/b> pero que el tiempo fue enterrando, descubr\u00ed que ellos est\u00e1n <b>muy cerca<\/b> y que s\u00f3lo necesito <b>hacerlos realidad<\/b>. S\u00f3lo. Descubr\u00ed un grupo de <b>nuevos amigos<\/b>, de <b>seres humanos fant\u00e1sticos<\/b> y la experiencia fue libertadora.<\/span><\/p>\n<p class=\"p1\"><span class=\"s1\">Continuo sintiendo un estremecimiento cuando recuerdo esa semana, el hotel, el ambiente, el aprendizaje, las conversaciones, las confesiones, las \u00e1ncoras. <\/span><\/p>\n<p class=\"p1\"><span class=\"s1\">Estoy profundamente a<b>gradecida<\/b> y espero que <b>otras personas puedan vivir en breve<\/b> cada segundo <b>valioso<\/b> de esa formaci\u00f3n.<\/span><\/p>\n<\/p><footer>Patricia Moura, Club Manager<\/footer><\/blockquote><\/div><\/li><li><div class=\"cbp-qtcontent\"><blockquote><p><p class=\"p1\"><span class=\"s1\">Para m\u00ed fue una experiencia \u00fanica, que me abri\u00f3 nuevas puertas y horizontes, y que con seguridad fue muy ben\u00e9fica para mi futuro. Creo que deber\u00eda ser una formaci\u00f3n obligatoria para toda la gente pues es FANT\u00c1STICA!<\/span><\/p>\n<\/p><footer>Lita Dias<\/footer><\/blockquote><\/div><\/li><li><div class=\"cbp-qtcontent\"><blockquote><p><p class=\"p1\"><span class=\"s1\">Am\u00e9 este curso. Aprend\u00ed a limpiar pensamientos que influyen en todo. Trabajar 1\u00ba en m\u00ed y despu\u00e9s poder ayudar a los otros con todas esas herramientas. Este curso tambi\u00e9m es <i>life changing<\/i>, pues nunca m\u00e1s veremos la vida de la misma manera. Trae a la superficie lo mejor que cada uno quiera hacer. Lo mejor de cada asistente al curso.<\/span><\/p>\n<\/p><footer>Cec\u00edlia Assun\u00e7\u00e3o<\/footer><\/blockquote><\/div><\/li><li><div class=\"cbp-qtcontent\"><blockquote><p><p class=\"p1\"><span class=\"s1\">Fue la mejor y m\u00e1s grande experiencia en la que particip\u00e9. Las transformaciones y cambios internos ocurren realmente. Conseguimos identificar estados y tenemos las herramientas para cambiarlos, y eso me trajo inmenso bienestar. Una forma mucho m\u00e1s bonita y feliz de ver el mundo.<\/span><\/p>\n<\/p><footer>Vera Farinatti<\/footer><\/blockquote><\/div><\/li><li><div class=\"cbp-qtcontent\"><blockquote><p><p class=\"p1\"><span class=\"s1\">Fue algo que nunca m\u00e1s olvidar\u00e9, cambi\u00f3 mi vida para mejor. Siento que alcanc\u00e9, en varios niveles, visi\u00f3n y conocimiento.<\/span><\/p>\n<p class=\"p1\"><span class=\"s1\">Me siento m\u00e1s feliz y completa, tom\u00e9 la decisi\u00f3n de mi vida con m\u00e1s claridad y determinaci\u00f3n, que de otro modo estar\u00edan<span class=\"Apple-converted-space\">\u00a0 <\/span>\u201csuspensas\u201d.<\/span><\/p>\n<p class=\"p1\"><span class=\"s1\">Gracias por compartirlo y por la sonrisa. Ador\u00e9 la experiencia, super enriquecedora.<\/span><\/p>\n<\/p><footer>Sandra Ferreira , Vorwerk<\/footer><\/blockquote><\/div><\/li><li><div class=\"cbp-qtcontent\"><blockquote><p><p class=\"p1\"><span class=\"s1\">Esta experiencia para m\u00ed fue\u2026 pienso que no tengo palabras! Me ayud\u00f3 a mejorar todos los puntos de mi vida. Conoc\u00ed personas fant\u00e1sticas y cada una de ellas contribuy\u00f3 para cambiar algo. El coaching me va a ayudar a evolucionar, a ser mejor y a superar todo\u2026 y mejor todav\u00eda\u2026 ayudar a otros a hacerlo.<\/span><\/p>\n<\/p><footer>Guilherme Ferreira, Manager<\/footer><\/blockquote><\/div><\/li><li><div class=\"cbp-qtcontent\"><blockquote><p><p class=\"p1\"><span class=\"s1\">Normalmente no confiamos en el mejor retorno de las variadas formaciones que realizamos, aunque \u00e9sta sea mi opini\u00f3n, y tenemos alg\u00fan escepticismo en la excelencia de cursos a corto plazo.<\/span><\/p>\n<p class=\"p1\"><span class=\"s1\">Lleg\u00f3 as\u00ed finalmente, con expectativas superadas y con ganas de continuar con el<span class=\"Apple-converted-space\">\u00a0 <\/span>coaching,<span class=\"Apple-converted-space\">\u00a0 <\/span>consiguiendo el valor de \u2018credibilidad\u2019 frente a este tipo de desarrollo personal.<\/span><\/p>\n<p class=\"p1\"><span class=\"s1\">Me volvi\u00f3 m\u00e1s convencido de aquello que quiero para m\u00ed. Cu\u00e1ndo es la pr\u00f3xima? \u263a Agradezco todo esto a una gran se\u00f1ora: Cris Carvalho.<\/span><\/p>\n<\/p><footer>Alexandre Viana, Sales Consultant<\/footer><\/blockquote><\/div><\/li><li><div class=\"cbp-qtcontent\"><blockquote><p><p class=\"p1\"><span class=\"s1\">El d\u00eda 7 de Septiembre no sab\u00eda lo que era coaching. Despu\u00e9s del workshop de Cris la identificaci\u00f3n fue total. <\/span><\/p>\n<p class=\"p1\"><span class=\"s1\">Cinco d\u00edas despu\u00e9s me inscrib\u00ed en el curso.<\/span><\/p>\n<p class=\"p1\"><span class=\"s1\">Hoy d\u00eda 18, termino el curso con una satisfacci\u00f3n y enriquecimiento enorme, tal es la calidad de esta formaci\u00f3n. Espectacular!<\/span><\/p>\n<p class=\"p1\"><span class=\"s1\">Gracias Cris!<\/span><\/p>\n<\/p><footer>Tiago Caldeira, TAP Portugal<\/footer><\/blockquote><\/div><\/li><li><div class=\"cbp-qtcontent\"><blockquote><p><p class=\"p1\"><span class=\"s1\">Fue un viaje fant\u00e1stico a mi propio interior, a la exploraci\u00f3n de mis valores, al estudio de mis capacidades resultando un despertar consciente que me atrajo para el mundo real con la creencia de que la concretizaci\u00f3n de mis objectivos depende exclusivamente de m\u00ed.<\/span><\/p>\n<\/p><footer>Jos\u00e9 Neves, Managing Director<\/footer><\/blockquote><\/div><\/li><\/ul>\n","protected":false},"excerpt":{"rendered":"Fue un viaje fant\u00e1stico a mi propio interior, a la...","protected":false},"author":15,"featured_media":0,"parent":0,"menu_order":17,"comment_status":"closed","ping_status":"closed","template":"","meta":{"inline_featured_image":false},"acf":[],"_links":{"self":[{"href":"https:\/\/criscarvalho-qa.bymobinteg.com\/es\/wp-json\/wp\/v2\/pages\/16167"}],"collection":[{"href":"https:\/\/criscarvalho-qa.bymobinteg.com\/es\/wp-json\/wp\/v2\/pages"}],"about":[{"href":"https:\/\/criscarvalho-qa.bymobinteg.com\/es\/wp-json\/wp\/v2\/types\/page"}],"author":[{"embeddable":true,"href":"https:\/\/criscarvalho-qa.bymobinteg.com\/es\/wp-json\/wp\/v2\/users\/15"}],"replies":[{"embeddable":true,"href":"https:\/\/criscarvalho-qa.bymobinteg.com\/es\/wp-json\/wp\/v2\/comments?post=16167"}],"version-history":[{"count":1,"href":"https:\/\/criscarvalho-qa.bymobinteg.com\/es\/wp-json\/wp\/v2\/pages\/16167\/revisions"}],"predecessor-version":[{"id":16175,"href":"https:\/\/criscarvalho-qa.bymobinteg.com\/es\/wp-json\/wp\/v2\/pages\/16167\/revisions\/16175"}],"wp:attachment":[{"href":"https:\/\/criscarvalho-qa.bymobinteg.com\/es\/wp-json\/wp\/v2\/media?parent=16167"}],"curies":[{"name":"wp","href":"https:\/\/api.w.org\/{rel}","templated":true}]}}